{"version":"1.0","provider_name":"T\u0171var\u00e1zslat","provider_url":"https:\/\/tvzs.cafeblog.hu","author_name":"Te\u00e9si-Vass Zsuzsanna","author_url":"https:\/\/tvzs.cafeblog.hu\/author\/teesi-vass_zsuzsanna\/","title":"\" Mindenki m\u00e1sk\u00e9pp csin\u00e1lja...\"","html":"<p>&nbsp;<\/p>\r\n<p><strong>Hallj\u00e1tok, ahogy a nagy csendbe bele\u00fcv\u00f6ltik Pici b\u00e1csi\u00e9k az \u00f6r\u00f6k klasszikust? \u00c9n hallom... Ah\u00e1nyszor fell\u00e1ngol a vita rongyosk\u00f6r\u00f6kben, mindig ezt hallom a fejemben.<\/strong><\/p>\r\n<p><strong>Olyan apr\u00f3s\u00e1gok\u00e9rt \u00f6lj\u00fck egym\u00e1st id\u0151nk\u00e9nt, hogy csak fogom a fejem ... Mi\u00e9rt csak ez\u00a0sz\u00e9p \u00e9s mi\u00e9rt csak \u00edgy elk\u00e9sz\u00edtve?<\/strong><\/p>\r\n<p>Mi\u00e9rt b\u00e1ntja az egyiket az, hogy m\u00e1sok\u00a0p\u00e1ran, vagy j\u00f3 p\u00e1ran m\u00e1sk\u00e9pp gondolj\u00e1k? Mi\u00e9rt kell csoportokba t\u00f6m\u00f6r\u00fclve ugyanazt gondolnunk, sz\u00ednekr\u0151l, st\u00edlusokr\u00f3l, hagyom\u00e1nyokr\u00f3l? \u00c9s... mi\u00e9rt is kell kirekeszten\u00fcnk azt, aki m\u00e1sk\u00e9ppen l\u00e1tja a dolgokat, mint a csoport t\u00f6bbi tagja?\u00a0<\/p>\r\n<p>A munk\u00e1inkat k\u00fcl\u00f6nb\u00f6z\u0151 form\u00e1kb\u00f3l, v\u00e1ltozatosan sz\u00ednezve k\u00e9sz\u00edtj\u00fck el, de ugyanakkor nem t\u0171rj\u00fck a m\u00e1ss\u00e1got? Hogy is van ez? Mi egyazon anyagot szabdalunk milli\u00f3 darabra, hogy azt\u00e1n \u00f6sszevarrva elvesszen a munka l\u00e9nyege, vagy sok-sok k\u00fcl\u00f6nb\u00f6z\u0151 sz\u00ednes, mint\u00e1s kincs\u00fcnket \u00e1ldozzuk fel az\u00e9rt, hogy valami \u00fajat, k\u00fcl\u00f6nlegeset alkossunk, hogy megmutathassuk a vil\u00e1gnak lelk\u00fcnk titkos bugyrait? Nyilv\u00e1n nem sok \u00e9rtelme lenne rengeteg\u00a0munk\u00e1val, semmit nem v\u00e1ltoztatni az anyagon az\u00e9rt, hogy ki ne t\u0171nj\u00f6n az egyhang\u00fas\u00e1gb\u00f3l, felt\u0171n\u00e9st ne keltsen, \u00e9szre ne vegye senki.<\/p>\r\n<p>Az is igaz, hogy \u00edgy nem kellene kitenn\u00fcnk magunkat m\u00e1sok\u00a0-id\u0151nk\u00e9nt b\u00e1nt\u00f3an megfogalmazott- v\u00e9lem\u00e9ny\u00e9nek sem, legfeljebb az \u00e9rtetlenked\u0151kkel kellene megk\u00fczdeni. Elmagyar\u00e1zni, hogy mi csup\u00e1n ker\u00fclj\u00fck a felt\u0171n\u00e9st, de v\u00e9letlen\u00fcl sem szeretn\u00e9nk kimaradni a nagy \u00f6sszn\u00e9pi megmozdul\u00e1sb\u00f3l \u00e9s alkotni szeretn\u00e9nk \u00fagy, hogy senkit ne b\u00e1ntsunk \u00e9s senkit ne b\u00e1ntson a m\u00e1ss\u00e1gunk, a k\u00fcl\u00f6n\u00f6s - esetleg extr\u00e9m- gondolataink ne borzolj\u00e1k az egyformas\u00e1g h\u00edv\u0151it.<\/p>\r\n<p>Konkr\u00e9tan. Igen, vannak hagyom\u00e1nyok az \u00e9let szinte minden ter\u00fclet\u00e9n, amit tisztel\u00fcnk, hisz hozz\u00e1nk tartoznak a m\u00faltunkb\u00f3l \u00e9p\u00edtkez\u00fcnk. De.... Nekem a hagyom\u00e1ny\u0151rz\u00e9s nem azt jelenti, hogy egy az egyben, csak\u00a0ugyanazt \u00e9s ugyan\u00fagy lehet alkotni, gondolkodni \u00e9s \u00e9lni mint anno.<\/p>\r\n<p>\u00c9n szeretem a klasszikus foltvarr\u00e1st, el\u00e1mulok a mer\u00e9sz moderneken, k\u00edv\u00e1ncsian f\u00fcrk\u00e9szem az art-quilteket. Mindet szeretem, mind m\u00f6g\u00f6tt \u00e1ll egy alkot\u00f3, aki \u00f6r\u00f6m\u00e9t lelte a munk\u00e1j\u00e1ban \u00e9s adni akart valamit,\u00a0saj\u00e1t mag\u00e1b\u00f3l\u00a0a vil\u00e1gnak. Nekem egy a l\u00e9nyeg, hogy l\u00e1ssam ig\u00e9nyesen, szeretettel \u00e9s fant\u00e1zi\u00e1val k\u00e9sz\u00edtette azt, amit megmutat nekem. Kell hogy l\u00e1ssam, sz\u00edv\u00e9t lelk\u00e9t beleadta, kell hogy \u00e1t\u00fcss\u00f6n az akarat, a t\u00f6k\u00e9letess\u00e9gre val\u00f3 t\u00f6rekv\u00e9s.<\/p>\r\n<p>\u00c9n kimondottan szeretem azokat az apr\u00f3 egyedi megold\u00e1sokat, extr\u00e9m gondolatokat, amik csak annak\u00a0az egy embernek jutottak az esz\u00e9be, aki\u00a0szembe mert menni az \u00e1rral, nem a ny\u00e1j ut\u00e1n kullogva alkotta meg a sz\u00e1zadik ugyanolyat, hanem azt az egyet tette el\u00e9m, ami \u00a0csak r\u00e1 jellemz\u0151. Amit nem a szekr\u00e9nynek varrt, amit nem csak \u00e9vente egyszer vesz el\u0151, hanem \u00e9lete r\u00e9sz\u00e9nek akarja tudni, illeszkedve a kor st\u00edlus\u00e1hoz, lak\u00e1sa hangulat\u00e1hoz. \u00c9letre sz\u00e1nta, nem hagyat\u00e9kul az ut\u00f3kornak.<\/p>\r\n<p>\u00c9n \u00fagy gondolom folyamatosan kell b\u0151v\u00edteni a tud\u00e1sunkat, megosztani egym\u00e1ssal, vagyis betenni a k\u00f6z\u00f6s tud\u00e1sb\u00e1zisba \u00e9s kik\u00f6lcs\u00f6n\u00f6zni onnan, hogy azt\u00e1n a magunk \u00edzl\u00e9s\u00e9vel, st\u00edlusjegyeivel felturb\u00f3zva megalkothassunk valamit, ami r\u00e1nk jellemz\u0151. Kiemel a sok egyforma s\u00e1rga\u00a0tulip\u00e1n\u00a0k\u00f6z\u00fcl, \u00e9s piross\u00e1 v\u00e1ltoztat.... Mert pirosnak\u00a0lenni j\u00f3, f\u0151leg egy nagy s\u00e1rga mez\u0151 k\u00f6zep\u00e9n :)<\/p>\r\n<p>\u00a0Ha tetszett amit olvast\u00e1l, \u00f6r\u00f6met szerezn\u00e9l egy megoszt\u00e1ssal. Szeretettel v\u00e1rlak \u00a0a blog facebook-os fel\u00fclet\u00e9n\u00a0<a href=\"https:\/\/www.facebook.com\/tuvarazslatmagazin\/?ref=hl\">itt<\/a>\u00a0ahol sok \u00e9rdekess\u00e9get osztok meg nap mint nap.<\/p>\r\n<p>&nbsp;<\/p>\r\n<p>&nbsp;<\/p>","type":"rich","thumbnail_url":"https:\/\/tvzs.cafeblog.hu\/files\/2016\/01\/tulips-15155_640-150x150.jpg","thumbnail_width":150,"thumbnail_height":150}