{"version":"1.0","provider_name":"T\u0171var\u00e1zslat","provider_url":"https:\/\/tvzs.cafeblog.hu","author_name":"Te\u00e9si-Vass Zsuzsanna","author_url":"https:\/\/tvzs.cafeblog.hu\/author\/teesi-vass_zsuzsanna\/","title":"K\u00e9kvil\u00e1g...","html":"<p style=\"text-align: center\">Ez egy \u00fajabb szeretet-takar\u00f3, ami egy kisfi\u00facsk\u00e1nak k\u00e9sz\u00fclt k\u00e9k- feh\u00e9rben, \u00a0fi\u00fas bab\u00e1san.<\/p>\r\n<p style=\"text-align: center\"><a href=\"https:\/\/tvzs.cafeblog.hu\/files\/2014\/07\/k\u00e9k4.jpg\"><img class=\"alignnone wp-image-1325 size-large\" src=\"https:\/\/tvzs.cafeblog.hu\/files\/2014\/07\/k\u00e9k4-600x514.jpg\" alt=\"k\u00e9k4\" width=\"600\" height=\"514\" \/><\/a><\/p>\r\n<p style=\"text-align: center\">Elk\u00e9pzeltem, ahogy b\u00e9k\u00e9sen, j\u00f3llakottan \u00a0szuszog a takar\u00f3 \u00f6lel\u00e9s\u00e9ben, biztons\u00e1gban, hasf\u00e1j\u00e1s n\u00e9lk\u00fcl. Fontos dolgok ezek egy bab\u00e1nak...<\/p>\r\n<p style=\"text-align: center\"><a href=\"https:\/\/tvzs.cafeblog.hu\/files\/2014\/07\/k\u00e9k1.jpg\"><img class=\"alignnone wp-image-1322 size-large\" src=\"https:\/\/tvzs.cafeblog.hu\/files\/2014\/07\/k\u00e9k1-600x328.jpg\" alt=\"k\u00e9k1\" width=\"600\" height=\"328\" \/><\/a><\/p>\r\n<p style=\"text-align: center\">A h\u00e1tulj\u00e1ba is ker\u00fclt egy cs\u00edk foltokb\u00f3l.<\/p>\r\n<p style=\"text-align: center\">\u00a0Amit az ember mosolyogva, boldogan k\u00e9sz\u00edt,az tel\u00edtve van \u00e9rzelemmel, viszi mag\u00e1val a t\u00e1rgy \u00e9s \u00e1tadja annak, aki haszn\u00e1lja. Legal\u00e1bbis \u00e9n hiszek ebben...<\/p>\r\n<p style=\"text-align: center\"><a href=\"https:\/\/tvzs.cafeblog.hu\/files\/2014\/07\/k\u00e9k7.jpg\"><img class=\"alignnone wp-image-1328 size-large\" src=\"https:\/\/tvzs.cafeblog.hu\/files\/2014\/07\/k\u00e9k7-600x501.jpg\" alt=\"k\u00e9k7\" width=\"600\" height=\"501\" \/><\/a><\/p>\r\n<p style=\"text-align: center\">A szeg\u00e9lyez\u00e9s az utols\u00f3 m\u0171velet, ezt \u00e1ltal\u00e1ban m\u00e1r k\u00e9zi \u00f6lt\u00e9sekkel fejezem be, \u00edgy d\u00e9delgetem m\u00e9g egy kicsit, utolj\u00e1ra...<\/p>\r\n<p style=\"text-align: center\"><a href=\"https:\/\/tvzs.cafeblog.hu\/files\/2014\/07\/k\u00e9k6.jpg\"><img class=\"alignnone wp-image-1327 size-large\" src=\"https:\/\/tvzs.cafeblog.hu\/files\/2014\/07\/k\u00e9k6-450x600.jpg\" alt=\"k\u00e9k6\" width=\"450\" height=\"600\" \/><\/a><\/p>\r\n<p style=\"text-align: center\">Most, hogy elk\u00e9sz\u00fcltem vele begy\u0171jt\u00f6k ide a\u00a0n\u00e9h\u00e1ny k\u00e9pet, hogy nekem is megmaradjon egy pici bel\u0151le :)<\/p>\r\n<p style=\"text-align: center\"><a href=\"https:\/\/tvzs.cafeblog.hu\/files\/2014\/07\/k\u00e9k2.jpg\"><img class=\"alignnone wp-image-1323 size-large\" src=\"https:\/\/tvzs.cafeblog.hu\/files\/2014\/07\/k\u00e9k2-600x480.jpg\" alt=\"k\u00e9k2\" width=\"600\" height=\"480\" \/><\/a><\/p>\r\n<p style=\"text-align: center\">\u00a0\u00a0<a href=\"https:\/\/tvzs.cafeblog.hu\/files\/2014\/07\/k\u00e9k9.jpg\"><img class=\"alignnone wp-image-1330 size-large\" src=\"https:\/\/tvzs.cafeblog.hu\/files\/2014\/07\/k\u00e9k9-450x600.jpg\" alt=\"k\u00e9k9\" width=\"450\" height=\"600\" \/><\/a><\/p>\r\n<p style=\"text-align: center\">Amiben ez a kis jel benne van, abban \u00e9n is benne voltam ....<\/p>\r\n<p style=\"text-align: center\"><a href=\"https:\/\/tvzs.cafeblog.hu\/files\/2014\/07\/k\u00e9k.jpg\"><img class=\"alignnone wp-image-1321 size-large\" src=\"https:\/\/tvzs.cafeblog.hu\/files\/2014\/07\/k\u00e9k-480x600.jpg\" alt=\"k\u00e9k\" width=\"480\" height=\"600\" \/><\/a><\/p>\r\n<p style=\"text-align: center\">Ha tetszett amit olvast\u00e1l, k\u00e9rlek oszd meg m\u00e1sokkal is!<\/p>","type":"rich","thumbnail_url":"https:\/\/tvzs.cafeblog.hu\/files\/2014\/07\/k\u00e9k4-150x150.jpg","thumbnail_width":150,"thumbnail_height":150}