{"version":"1.0","provider_name":"T\u0171var\u00e1zslat","provider_url":"https:\/\/tvzs.cafeblog.hu","author_name":"Te\u00e9si-Vass Zsuzsanna","author_url":"https:\/\/tvzs.cafeblog.hu\/author\/teesi-vass_zsuzsanna\/","title":"Mi\u00e9rt j\u00f3 k\u00e9zzel varrni?","html":"<p><strong>Mi\u00e9rt...J\u00f3? K\u00e9rdezheti joggal az, aki m\u00e9g soha nem varrt meg semmit k\u00e9zzel. Egyszer\u0171 hasonlattal \u00e9lve, nem mindegy hogy egy hegyet megm\u00e1szol, vagy aut\u00f3ban \u00fclve suhansz v\u00e9gig a szerpentinen, majd kisz\u00e1llsz, k\u00f6r\u00fcln\u00e9zel \u00e9s gyorsan nyomsz egy\u00a0selfit, hogy mindenki l\u00e1thassa hov\u00e1 jutott\u00e1l. <\/strong><\/p>\r\n<p>B\u00fcszke lehetsz a teljes\u00edtm\u00e9nyedre? Persze, ha a t\u00f6bb kilom\u00e9ternyi t\u00e1vols\u00e1got, izzadva, f\u00e1j\u00f3s l\u00e1bbal esetleg sz\u00e9lben, \u00e9s h\u00f3ban cs\u00faszk\u00e1lva teszed meg az\u00e9rt, hogy k\u00f6zben az oda\u00fat minden pillanata a Ti\u00e9d legyen. Mik\u00f6zben kitart\u00f3an m\u00e1szol, megismerheted a k\u00f6rnyezetet, megtanulsz egy\u00fctt \u00e9lni a term\u00e9szettel, r\u00e1csod\u00e1lkozhatsz az illatokra,\u00a0az arcodon \u00e9rezheted a l\u00e1gy szell\u0151 kellemes simogat\u00e1s\u00e1t, megtanulsz k\u00fczdeni a c\u00e9lod\u00e9rt.<\/p>\r\n<p><strong>Ugyanez igaz a k\u00e9zi \u00e9s g\u00e9pi varr\u00e1s k\u00f6zti k\u00fcl\u00f6nbs\u00e9gre. Ha a munkak\u00e9nt tekint\u00fcnk r\u00e1, akkor varr\u00f3g\u00e9p, ha hobbik\u00e9nt- akkor t\u0171 , c\u00e9rna , gy\u0171sz\u0171... Hisz a nev\u00e9ben is benne van k\u00e9zimunka :)<\/strong><\/p>\r\n<p>N\u00e9zz\u00fck csak mik\u00e9nt is \u00e9l\u00fcnk mostan\u00e1ban? Rohanunk dolgozni, ahol egyszerre \u00f6tf\u00e9le dologgal b\u00edz meg a f\u0151n\u00f6k,\u00a0ezekre term\u00e9szetesen\u00a0 fele annyi id\u0151 \u00e1ll rendelkez\u00e9s\u00fcnkre, mint\u00a0ami sz\u00fcks\u00e9ges lenne-\u00a0\u00edgy kihagyjuk az eb\u00e9det, hogy megfelelj\u00fcnk az elv\u00e1r\u00e1soknak.<\/p>\r\n<p>Munka ut\u00e1n rohan\u00e1s a gyerek\u00e9rt, t\u00f6meg, siet\u0151s, ideges emberek minden\u00fctt. A boltban m\u00e1r alig van energi\u00e1nk a kihagyott eb\u00e9d ok\u00e1n, \u00a0de musz\u00e1j v\u00e9gig\u00e1llni a sort illedelmesen, mert kult\u00farember nem hisztizik, nem csapja f\u00f6ldh\u00f6z mag\u00e1t- csak gondolatban.<\/p>\r\n<p>\u00a0Haza\u00e9rve a gyereket le\u00fcltetj\u00fck tanulni, bekapcsoljuk a mos\u00f3g\u00e9pet, be\u00e1ll\u00edtjuk az okos t\u00e9v\u00e9t, hogy felvegye a m\u0171sort - amit nem \u00e9r\u00fcnk r\u00e1 megn\u00e9zni- az okos telefonon receptet keres\u00fcnk a\u00a0vacsihoz, elk\u00fcld\u00fcnk p\u00e1r emailt.<\/p>\r\n<p>Mik\u00f6zben a r\u00e1nt\u00e1st keverj\u00fck, a f\u00fcl\u00fcnk\u00f6n\u00a0headset-tel besz\u00e9lget\u00fcnk, k\u00f6zben megoldunk p\u00e1r id\u00e9tlen matekp\u00e9ld\u00e1t. M\u00e9g v\u00e1rnak a ruhahegyek, hogy vasalva beker\u00fcljenek a szekr\u00e9nybe, fejben m\u00e1r sorba raktuk \u0151ket fontoss\u00e1g szerint. Nyilv\u00e1n a fel\u00e9ig sem jutunk el, hisz teregetni kell a mosott ruh\u00e1t \u00e9s takar\u00edtani sem \u00e1rt. <strong>M\u00e9g le\u00edrva is horror, h\u00e1t m\u00e9g nap mint nap v\u00e9gigcsin\u00e1lni.<\/strong><\/p>\r\n<p style=\"text-align: center\"><strong> Nem hi\u00e1nyzik egy kis nyugalom?\u00a0<\/strong><\/p>\r\n<p><a href=\"https:\/\/tvzs.cafeblog.hu\/files\/2015\/08\/tvzs43.jpg\"><img class=\" wp-image-6911 size-full aligncenter\" src=\"https:\/\/tvzs.cafeblog.hu\/files\/2015\/08\/tvzs43.jpg\" alt=\"tvzs4\" width=\"236\" height=\"296\" \/><\/a><\/p>\r\n<p>Varr\u00e1s k\u00f6zben\u00a0csak egy dologra \u00f6sszpontos\u00edthatunk, sz\u00e9p sz\u00ednes anyagokkal vessz\u00fck k\u00f6rbe magunkat \u00e9s ha csak egy teny\u00e9rnyi darabot is\u00a0- de l\u00e9trehozunk\u00a0valamit, ami az els\u0151 pap\u00edrra vetett v\u00e1zlatt\u00f3l\u00a0kezdve, az utols\u00f3 \u00f6lt\u00e9sig a mi\u00e9nk, csak rajtunk m\u00falik milyen lesz. Kimaradnak a g\u00e9pek, a rohan\u00e1s,\u00a0nem kell kapkodni, meg\u00e1ll az id\u0151. A fotel, amiben varrunk - a nyugalom szigete.<\/p>\r\n<p><strong>Kitart\u00e1sra \u00e9s k\u00fczdelemre tan\u00edt \u00a0egy-egy munkadarab, meg kell dolgozni\u00a0az eredm\u00e9ny\u00e9rt itt is,\u00a0de mindent mi ir\u00e1ny\u00edtunk, a saj\u00e1t \u00edzl\u00e9s\u00fcnk \u00e9s temp\u00f3nk szerint.<\/strong><\/p>\r\n<p style=\"text-align: center\"><strong> Mindenkinek j\u00e1r az \"\u00e9n-id\u0151\"\u00a0<\/strong>\u00a0<\/p>\r\n<p>Az sem utols\u00f3 szempont, hogy a k\u00e9zzel varr\u00e1s b\u00e1rhol, b\u00e1rmikor \u0171zhet\u0151, nem kell megv\u00e1rni, m\u00edg elalszik a gyerek, nem kell \u00e1tpakolni a lak\u00e1st, hogy helye legyen a g\u00e9pnek, csak \u00f6ssze kell \u00e1ll\u00edtani egy varr\u00f3s batyut. Ha a gyerekek sokszor l\u00e1tj\u00e1k mamit varrni, el\u0151bb ut\u00f3bb \u0151k is r\u00e1kapnak, vagy ha nem - akkor elrakt\u00e1rozz\u00e1k magukban a l\u00e1tottakat \u00e9s k\u00e9s\u0151bb hasznos\u00edtj\u00e1k.<\/p>\r\n<p>\u00c9n azt aj\u00e1nlom mindig legyen legal\u00e1bb egy munka, amit csak \u00f6nmagunk gy\u00f6ny\u00f6r\u0171s\u00e9g\u00e9re varrogatunk\u00a0-\u00a0ak\u00e1r hossz\u00fa \u00e9vekig is\u00a0- t\u00fcrelmesen v\u00e1rva arra a pillanatra, amikor elk\u00e9sz\u00fcl\u00fcnk vele. A v\u00e1rakoz\u00e1s izgalm\u00e1t minden nap \u00e1t\u00e9lhetj\u00fck, mint gyerekkorunkban kar\u00e1csonyra v\u00e1rva<strong>. <\/strong><\/p>\r\n<p><strong>Minden darab a lelked lenyomat\u00e1t viseli mag\u00e1n, csak r\u00e1d jellemz\u0151, csak te tudod \u00fagy elk\u00e9sz\u00edteni, senki m\u00e1s.<\/strong><\/p>\r\n<p>K\u00e9pzeld csak magad el\u00e9 a pillanatot, amikor kimondhatod -\u00a0Ezt \u00e9n k\u00e9sz\u00edtettem, teljesen egyed\u00fcl..<\/p>\r\n<p style=\"text-align: center\">Na, milyen \u00e9rz\u00e9s?<\/p>\r\n<p><strong>Nem \u00e1rt n\u00e9ha \u00e1tvenni az ir\u00e1ny\u00edt\u00e1st ebben az elg\u00e9piesedett vil\u00e1gban \u00e9s szembes\u00fclni \u00f6nmagunk alkot\u00f3 erej\u00e9vel, higgy\u00e9tek el, er\u0151t ad az \u0151r\u00fclt h\u00e9tk\u00f6znapokhoz!<\/strong><\/p>\r\n<p><a href=\"https:\/\/tvzs.cafeblog.hu\/files\/2015\/08\/tvzs53.jpg\"><img class=\" wp-image-6912 aligncenter\" src=\"https:\/\/tvzs.cafeblog.hu\/files\/2015\/08\/tvzs53-300x225.jpg\" alt=\"tvzs5\" width=\"400\" height=\"300\" \/><\/a><\/p>\r\n<p style=\"text-align: center\">T\u0171 legyen Veletek, boldog \u00f6lt\u00f6get\u00e9st!<\/p>\r\n<p style=\"text-align: center\">Ha tetszett amit olvast\u00e1l, \u00f6r\u00f6met szerezn\u00e9l egy megoszt\u00e1ssal.<\/p>\r\n<p>&nbsp;<\/p>","type":"rich","thumbnail_url":"https:\/\/tvzs.cafeblog.hu\/files\/2015\/08\/tvzs43-150x150.jpg","thumbnail_width":150,"thumbnail_height":150}