{"version":"1.0","provider_name":"T\u0171var\u00e1zslat","provider_url":"https:\/\/tvzs.cafeblog.hu","author_name":"Te\u00e9si-Vass Zsuzsanna","author_url":"https:\/\/tvzs.cafeblog.hu\/author\/teesi-vass_zsuzsanna\/","title":"Handy Andy...","html":"<p style=\"text-align: center\">Ez a blokk neve, \u00e9n m\u00e1sk\u00e9pp h\u00edvtam.... Nem mind volt kedves becen\u00e9v, pedig nem a blokkal volt a baj... Az egyik m\u00e9ret volt rosszul megadva, \u00edgy azt\u00e1n vagy tartottam a varr\u00e1s sz\u00e9less\u00e9get \u00e9s akkor becs\u00fasztak a n\u00e9gyzetek cs\u00fccskei a varr\u00e1sba, vagy minim\u00e1l sz\u00e9less\u00e9ggel varrtam, az meg ugye se nem j\u00f3 se nem sz\u00e9p, pl\u00e1ne nem mutathat\u00f3 meg tanul\u00e1s c\u00e9lj\u00e1b\u00f3l..<\/p>\r\n<p style=\"text-align: center\">Volt m\u00e9g olyan is.... na mindegy nem panaszkodom, p\u00e1rszor megvarrtam, mire k\u00e9telkedni kezdtem a m\u00e9retekben.<\/p>\r\n<p style=\"text-align: center\">Mert az ember alapb\u00f3l mag\u00e1ban keresi a hib\u00e1t...<\/p>\r\n<p style=\"text-align: center\">A j\u00f3 h\u00edr az, hogy \u00e9n m\u00e1r a kipr\u00f3b\u00e1ltan j\u00f3 m\u00e9reteket adom meg, na van \u00f6r\u00f6ms\u00e9g?<\/p>\r\n<p style=\"text-align: center\"><a href=\"https:\/\/tvzs.cafeblog.hu\/files\/2014\/10\/ha.jpg\"><img class=\"alignnone size-medium wp-image-3338\" src=\"https:\/\/tvzs.cafeblog.hu\/files\/2014\/10\/ha-225x300.jpg\" alt=\"ha\" width=\"225\" height=\"300\" \/><\/a><\/p>\r\n<p style=\"text-align: center\">A blokk k\u00e9sz m\u00e9rete 15 x 15 cm<\/p>\r\n<p style=\"text-align: center\">Varr\u00e1s sz\u00e9less\u00e9g 5 mm<\/p>\r\n<p style=\"text-align: center\">A \u00a01 db 4,5 x 4,5 cm \u00a0 \u00a0 \u00a0 \u00a0 \u00a0\u00a0D 3 db 8 x 8 cm<\/p>\r\n<p style=\"text-align: center\">\u00a0 \u00a0 \u00a0 \u00a0 \u00a0 \u00a0 \u00a0 \u00a0 \u00a0 \u00a0 \u00a0 \u00a0 \u00a0B \u00a0 2 db 4,5 x 4,5 cm \u00a0 \u00a0 \u00a0 \u00a0 \u00a0E 1 db8 x 8 cm<\/p>\r\n<p style=\"text-align: center\">C \u00a02 db 7 x 7 cm \u00a0 \u00a0 \u00a0 \u00a0 \u00a0 \u00a0 \u00a0 \u00a0 \u00a0 \u00a0F2 db 7 x 7 cm<\/p>\r\n<p style=\"text-align: center\"><a href=\"https:\/\/tvzs.cafeblog.hu\/files\/2014\/10\/ha1.jpg\"><img class=\"alignnone size-medium wp-image-3339\" src=\"https:\/\/tvzs.cafeblog.hu\/files\/2014\/10\/ha1-300x225.jpg\" alt=\"ha1\" width=\"300\" height=\"225\" \/><\/a><\/p>\r\n<p style=\"text-align: center\">Akkor az A jel\u0171 a k\u00f6zepe a B jel\u0171 n\u00e9gyzeteket a kereszt\u00e1tl\u00f3 ment\u00e9n \u00a0f\u00e9lbev\u00e1gjuk \u00e9s bekeretezz\u00fck vele a k\u00f6z\u00e9ps\u0151 n\u00e9gyzetet \u00fagy, hogy a szemben lev\u0151 oldalakat egym\u00e1s ut\u00e1n varrjuk, \u00edgy lesz sz\u00e9p szimmetrikus.Vasal\u00e1s j\u00f6n, vigy\u00e1zzunk ne ny\u00fajtsuk meg a ferde varr\u00e1sokat!<\/p>\r\n<p style=\"text-align: center\">Ez a keretezett n\u00e9gyzet akkor j\u00f3, ha 6 x6 cm es. A leigaz\u00edt\u00e1skor a k\u00f6z\u00e9pponthoz igaz\u00edtjuk a sz\u00e9leket.<\/p>\r\n<p style=\"text-align: center\">A D jel\u0171 n\u00e9gyzeteket mindk\u00e9t kereszt\u00e1tl\u00f3 ment\u00e9n elv\u00e1gjuk \u00edgy kapunk 12 db h\u00e1romsz\u00f6get.Ezek k\u00f6z\u00fcl n\u00e9ggyel beszegj\u00fck a n\u00e9gyzet\u00fcnket \u00fajb\u00f3l. Most tartunk \u00a0ott, hogy ez a n\u00e9gyzet leigaz\u00edt\u00e1s ut\u00e1n 8 x 8 as.<\/p>\r\n<p style=\"text-align: center\"><a href=\"https:\/\/tvzs.cafeblog.hu\/files\/2014\/10\/ha7.jpg\"><img class=\"alignnone size-medium wp-image-3345\" src=\"https:\/\/tvzs.cafeblog.hu\/files\/2014\/10\/ha7-300x293.jpg\" alt=\"ha7\" width=\"300\" height=\"293\" \/><\/a><\/p>\r\n<p style=\"text-align: center\"><a href=\"https:\/\/tvzs.cafeblog.hu\/files\/2014\/10\/ha4.jpg\"><img class=\"alignnone size-medium wp-image-3342\" src=\"https:\/\/tvzs.cafeblog.hu\/files\/2014\/10\/ha4-293x300.jpg\" alt=\"ha4\" width=\"293\" height=\"300\" \/><\/a><\/p>\r\n<p style=\"text-align: center\">Akkor varrunk j\u00f3l, ha a varr\u00e1svonalak az el\u0151z\u0151 n\u00e9gyzet cs\u00facsait hagyj\u00e1k \u00e9rv\u00e9nyes\u00fclni.\u00a0Az sem j\u00f3, ha becs\u00faszik a varr\u00e1s al\u00e1, \u00e9s az sem, ha nem l\u00e1tszik...<\/p>\r\n<p style=\"text-align: center\">Amikor ilyen sok apr\u00f3 ferd\u00e9vel van dolgunk nagy seg\u00edts\u00e9g\u00fcnkre van, ha szab\u00e1s el\u0151tt kikem\u00e9ny\u00edtj\u00fck az anyagot, mert a kem\u00e9ny\u00edt\u0151 n\u00e9mik\u00e9pp fix\u00e1lja a textil sz\u00e1lait.<\/p>\r\n<p style=\"text-align: center\"><a href=\"https:\/\/tvzs.cafeblog.hu\/files\/2014\/10\/ha5.jpg\"><img class=\"alignnone size-medium wp-image-3343\" src=\"https:\/\/tvzs.cafeblog.hu\/files\/2014\/10\/ha5-300x180.jpg\" alt=\"ha5\" width=\"300\" height=\"180\" \/><\/a><\/p>\r\n<p style=\"text-align: center\">A vadlib\u00e1kat, amik keretezik ezt a n\u00e9gyzetet a C\u00a0jel\u0171 n\u00e9gyzeteket keresztben f\u00e9lbe v\u00e1gjuk,\u00e9s a marad\u00e9k D n\u00e9gyzetb\u0151l gy\u00e1rtott h\u00e1romsz\u00f6gekkel \u00a0k\u00e9szre varrjuk, a k\u00f6z\u00e9ps\u0151 n\u00e9gyzet\u00fcnk m\u00e9ret\u00e9hez igaz\u00edtjuk,persze miut\u00e1n kivasaltuk.<\/p>\r\n<p style=\"text-align: center\"><a href=\"https:\/\/tvzs.cafeblog.hu\/files\/2014\/10\/ha6.jpg\"><img class=\"alignnone size-medium wp-image-3344\" src=\"https:\/\/tvzs.cafeblog.hu\/files\/2014\/10\/ha6-294x300.jpg\" alt=\"ha6\" width=\"294\" height=\"300\" \/><\/a><\/p>\r\n<p style=\"text-align: center\">Ahhoz, hogy \u00edgy ki tudj\u00e1tok rakni a mozaikot az E jel\u0171 n\u00e9gyzetet kereszt\u00e1tl\u00f3k ment\u00e9n n\u00e9gy fel\u00e9, az F jel\u0171 n\u00e9gyzeteket kereszt\u00e1tl\u00f3 ment\u00e9n f\u00e9lbe v\u00e1gjuk.<\/p>\r\n<p style=\"text-align: center\"><a href=\"https:\/\/tvzs.cafeblog.hu\/files\/2014\/10\/ha6.jpg\"><img class=\"alignnone size-medium wp-image-3344\" src=\"https:\/\/tvzs.cafeblog.hu\/files\/2014\/10\/ha6-294x300.jpg\" alt=\"ha6\" width=\"294\" height=\"300\" \/><\/a>\u00a0<a href=\"https:\/\/tvzs.cafeblog.hu\/files\/2014\/10\/ha91.jpg\"><img class=\"alignnone size-medium wp-image-3348\" src=\"https:\/\/tvzs.cafeblog.hu\/files\/2014\/10\/ha91-276x300.jpg\" alt=\"ha91\" width=\"276\" height=\"300\" \/><\/a><\/p>\r\n<p style=\"text-align: center\">Ezeken a k\u00e9peken \u00a0j\u00f3l l\u00e1tszanak a k\u00f6vetkez\u0151 l\u00e9p\u00e9sek, a vasal\u00e1s \u00e9s a leigaz\u00edt\u00e1s egyik munkaf\u00e1zis ut\u00e1n sem maradhat el.<\/p>\r\n<p style=\"text-align: center\"><a href=\"https:\/\/tvzs.cafeblog.hu\/files\/2014\/10\/ha94.jpg\"><img class=\"alignnone size-medium wp-image-3351\" src=\"https:\/\/tvzs.cafeblog.hu\/files\/2014\/10\/ha94-295x300.jpg\" alt=\"ha94\" width=\"295\" height=\"300\" \/><\/a>\u00a0<a href=\"https:\/\/tvzs.cafeblog.hu\/files\/2014\/10\/ha93.jpg\"><img class=\"alignnone size-medium wp-image-3350\" src=\"https:\/\/tvzs.cafeblog.hu\/files\/2014\/10\/ha93-300x295.jpg\" alt=\"ha93\" width=\"300\" height=\"295\" \/><\/a><\/p>\r\n<p style=\"text-align: center\">Rem\u00e9lem megvarrj\u00e1tok, j\u00f3 munk\u00e1t!<\/p>\r\n<p style=\"text-align: center\"><a href=\"https:\/\/tvzs.cafeblog.hu\/files\/2014\/10\/Imola.jpg\"><img class=\"alignnone size-medium wp-image-3355\" src=\"https:\/\/tvzs.cafeblog.hu\/files\/2014\/10\/Imola-300x203.jpg\" alt=\"Imola\" width=\"300\" height=\"203\" \/><\/a><a href=\"https:\/\/tvzs.cafeblog.hu\/files\/2014\/10\/Imola.jpg\"><img class=\"alignnone size-medium wp-image-3355\" src=\"https:\/\/tvzs.cafeblog.hu\/files\/2014\/10\/Imola-300x203.jpg\" alt=\"Imola\" width=\"300\" height=\"203\" \/><\/a><\/p>\r\n<p style=\"text-align: center\">Imola is hozz\u00e1tette a munk\u00e1j\u00e1t, ahogy \u00a0szokta.... &lt;3<\/p>\r\n<p style=\"text-align: center\">\u00a0<\/p>","type":"rich","thumbnail_url":"https:\/\/tvzs.cafeblog.hu\/files\/2014\/10\/ha94-150x150.jpg","thumbnail_width":150,"thumbnail_height":150}