{"version":"1.0","provider_name":"T\u0171var\u00e1zslat","provider_url":"https:\/\/tvzs.cafeblog.hu","author_name":"Te\u00e9si-Vass Zsuzsanna","author_url":"https:\/\/tvzs.cafeblog.hu\/author\/teesi-vass_zsuzsanna\/","title":"Kev\u00e9s anyag, sok t\u00f6r\u0151d\u00e9s....","html":"<p style=\"text-align: center\"><a href=\"https:\/\/tvzs.cafeblog.hu\/files\/2014\/08\/blog82.jpg\"><img class=\"alignnone size-medium wp-image-1760\" src=\"https:\/\/tvzs.cafeblog.hu\/files\/2014\/08\/blog82-300x213.jpg\" alt=\"blog8\" width=\"300\" height=\"213\" \/><\/a><\/p>\r\n<p style=\"text-align: center\">Kaptam egy pici anyagmarad\u00e9kot....<\/p>\r\n<p style=\"text-align: center\">M\u00e1r akkor kital\u00e1ltam hogy megmutatom, hogy lehet egy kis t\u0171firk\u00e1val megbolond\u00edtva\u00a0elterelni a figyelmet arr\u00f3l, milyen kicsi\u00a0az \u00f6tletad\u00f3 darab.<\/p>\r\n<p style=\"text-align: center\">Kieg\u00e9sz\u00edtettem p\u00e1rna nagys\u00e1g\u00fara, \u00e9s elkezdtem k\u00f6rberajzolni a varr\u00f3g\u00e9ppel. El\u0151sz\u00f6r csak a mint\u00e1kat saj\u00e1t sz\u00edn\u00fckkel, azt\u00e1n belend\u00fcltem, ahogy szoktam. K\u00f6zben kital\u00e1ltam, hogy a keskenyebb darabbal be lehet vonni egy kis zsin\u00f3rt, hogy varr\u00e1sv\u00e9d\u0151k\u00e9nt felhaszn\u00e1lhassam.<\/p>\r\n<p style=\"text-align: center\">Most j\u00f6nnek a titkok....<\/p>\r\n<p style=\"text-align: center\">\u00a0<a href=\"https:\/\/tvzs.cafeblog.hu\/files\/2014\/08\/blog922.jpg\"><img class=\"alignnone size-medium wp-image-1763\" src=\"https:\/\/tvzs.cafeblog.hu\/files\/2014\/08\/blog922-225x300.jpg\" alt=\"blog92\" width=\"225\" height=\"300\" \/><\/a>\u00a0\u00a0<a href=\"https:\/\/tvzs.cafeblog.hu\/files\/2014\/08\/blog942.jpg\"><img class=\"alignnone size-medium wp-image-1765\" src=\"https:\/\/tvzs.cafeblog.hu\/files\/2014\/08\/blog942-300x225.jpg\" alt=\"blog94\" width=\"300\" height=\"225\" \/><\/a>\u00a0\u00a0<a href=\"https:\/\/tvzs.cafeblog.hu\/files\/2014\/08\/blog952.jpg\"><img class=\"alignnone size-medium wp-image-1766\" src=\"https:\/\/tvzs.cafeblog.hu\/files\/2014\/08\/blog952-300x225.jpg\" alt=\"blog95\" width=\"300\" height=\"225\" \/><\/a><\/p>\r\n<p style=\"text-align: center\">Hogy a zsin\u00f3rv\u00e9gek tal\u00e1lkoz\u00e1s\u00e1ba ne t\u00f6rj\u00f6n bele a varr\u00f3g\u00e9pem foga, a kezd\u00e9s al\u00e1 varrok egy darab anyagot \u00fagy, hogy behajtom a sz\u00e9leit, ez fogja takarni a tal\u00e1lkoz\u00e1si pontot. A k\u00e9t v\u00e9g\u00e9t \u00fagy kell lev\u00e1gni, hogy pontosan illeszkedjenek, \u00edgy a takar\u00e1sban nem lesz pukli.<\/p>\r\n<p style=\"text-align: center\"><a href=\"https:\/\/tvzs.cafeblog.hu\/files\/2014\/08\/blog932.jpg\"><img class=\"alignnone size-medium wp-image-1764\" src=\"https:\/\/tvzs.cafeblog.hu\/files\/2014\/08\/blog932-300x225.jpg\" alt=\"blog93\" width=\"300\" height=\"225\" \/><\/a><\/p>\r\n<p style=\"text-align: center\">A m\u00e1sik titok az, hogy sz\u00e9pen kifek\u00fcdhessen a sarokban a k\u00e9der, meg kell csippenteni az oll\u00f3val...\u00cdgy a n\u00e9gysz\u00f6gletes t\u00e1rgyakat is sz\u00e9pen lehet d\u00edsz\u00edteni varr\u00e1sv\u00e9delemmel.<\/p>\r\n<p style=\"text-align: center\"><a href=\"https:\/\/tvzs.cafeblog.hu\/files\/2014\/08\/blog52.jpg\"><img class=\"alignnone size-medium wp-image-1757\" src=\"https:\/\/tvzs.cafeblog.hu\/files\/2014\/08\/blog52-300x225.jpg\" alt=\"blog5\" width=\"300\" height=\"225\" \/><\/a>\u00a0\u00a0<a href=\"https:\/\/tvzs.cafeblog.hu\/files\/2014\/08\/blog32.jpg\"><img class=\"alignnone size-medium wp-image-1755\" src=\"https:\/\/tvzs.cafeblog.hu\/files\/2014\/08\/blog32-225x300.jpg\" alt=\"blog3\" width=\"225\" height=\"300\" \/><\/a><\/p>\r\n<p style=\"text-align: center\">Folytattam a\u00a0textil\u00a0mint\u00e1j\u00e1t, persze nem szigor\u00faan lek\u00f6vetve, hanem szabadon r\u00f6pk\u00f6dtem az anyagon...<\/p>\r\n<p style=\"text-align: center\"><a href=\"https:\/\/tvzs.cafeblog.hu\/files\/2014\/08\/blog42.jpg\"><img class=\"alignnone size-medium wp-image-1756\" src=\"https:\/\/tvzs.cafeblog.hu\/files\/2014\/08\/blog42-300x225.jpg\" alt=\"blog4\" width=\"300\" height=\"225\" \/><\/a>\u00a0\u00a0<a href=\"https:\/\/tvzs.cafeblog.hu\/files\/2014\/08\/blog912.jpg\"><img class=\"alignnone size-medium wp-image-1762\" src=\"https:\/\/tvzs.cafeblog.hu\/files\/2014\/08\/blog912-300x184.jpg\" alt=\"blog91\" width=\"300\" height=\"184\" \/><\/a><\/p>\r\n<p style=\"text-align: center\">Amikor eleget r\u00f6pd\u00f6stem, al\u00e1 is \u00edrtam...<\/p>\r\n<p style=\"text-align: center\"><a href=\"https:\/\/tvzs.cafeblog.hu\/files\/2014\/08\/blog10.jpg\"><img class=\"alignnone size-medium wp-image-1752\" src=\"https:\/\/tvzs.cafeblog.hu\/files\/2014\/08\/blog10-94x300.jpg\" alt=\"blog\" width=\"94\" height=\"300\" \/><\/a>\u00a0 \u00a0 \u00a0<a href=\"https:\/\/tvzs.cafeblog.hu\/files\/2014\/08\/blog972.jpg\"><img class=\"alignnone size-medium wp-image-1768\" src=\"https:\/\/tvzs.cafeblog.hu\/files\/2014\/08\/blog972-300x225.jpg\" alt=\"blog97\" width=\"300\" height=\"225\" \/><\/a><\/p>\r\n<p style=\"text-align: center\">Mire elk\u00e9sz\u00fclt m\u00e1r nem is \u00e9rdekes, hogy mekkora volt az anyag. Ezt a sz\u00e9p textilt is megtal\u00e1lj\u00e1tok a Texti Baz\u00e1r k\u00edn\u00e1lat\u00e1ban.<\/p>","type":"rich","thumbnail_url":"https:\/\/tvzs.cafeblog.hu\/files\/2014\/08\/blog13-150x150.jpg","thumbnail_width":150,"thumbnail_height":150}