{"version":"1.0","provider_name":"T\u0171var\u00e1zslat","provider_url":"https:\/\/tvzs.cafeblog.hu","author_name":"Te\u00e9si-Vass Zsuzsanna","author_url":"https:\/\/tvzs.cafeblog.hu\/author\/teesi-vass_zsuzsanna\/","title":"Modern patchwork","html":"<p style=\"text-align: center\">Kedves levelet kaptam p\u00e1r hete, amiben arra k\u00e9rtek seg\u00edtsek sz\u00e9tk\u00fcrt\u00f6lni a magyar foltosok k\u00f6zt, a vil\u00e1g m\u00e1sik fel\u00e9n felkerekedik egy csipet csapat hogy\u00a0elhozza megmutatni \u00a0nek\u00fcnk a munk\u00e1ikat.<\/p>\r\n<p style=\"text-align: center\">Haboz\u00e1s n\u00e9lk\u00fcl mondtam igent, erre a megtisztel\u0151 k\u00e9r\u00e9sre, hiszen mindannyiunkat az alkot\u00e1sv\u00e1gy hajt, \u00e9s mindannyian rongym\u00e1ni\u00e1sak vagyunk....<\/p>\r\n<p style=\"text-align: center\">Ja, \u00e9s nem utols\u00f3 sorban ki az aki nem n\u00e9zegetn\u00e9 m\u00e1sok munk\u00e1it sz\u00edvesen?<\/p>\r\n<p style=\"text-align: center\">Ugyehogy ugye? Mindenki sz\u00edvesen kukkolgatja, ki mit \u00e9s hogyan?<\/p>\r\n<p style=\"text-align: center\">A l\u00e1nyok vid\u00e1mak, a munk\u00e1kb\u00f3l \u00e1rad az energia, ak\u00e1r szeretitek a modern st\u00edlus\u00fa quilteket, ak\u00e1r nem,\u00a0mindenk\u00e9pp \u00e9rdemes elolvasnotok, amit \u00c1gi, a ki\u00e1ll\u00edt\u00e1s meg\u00e1lmod\u00f3ja \u00e1ll\u00edtott \u00f6ssze \u00a0beharangoz\u00f3k\u00e9nt Nektek.<\/p>\r\n<p style=\"text-align: center\"><a href=\"https:\/\/tvzs.cafeblog.hu\/files\/2014\/10\/k\u00e9p92.jpg\"><img class=\"alignnone size-medium wp-image-3496\" src=\"https:\/\/tvzs.cafeblog.hu\/files\/2014\/10\/k\u00e9p92-300x242.jpg\" alt=\"k\u00e9p92\" width=\"300\" height=\"242\" \/><\/a><\/p>\r\n<p style=\"text-align: center\">Ez az els\u0151 r\u00e9sz, a m\u00e1sodikat, a ki\u00e1ll\u00edt\u00e1s megnyit\u00f3ja el\u0151tti napokban osztom meg Veletek :)<\/p>\r\nK\u00e9rlek benneteket, mint j\u00f3 vend\u00e9gl\u00e1t\u00f3, fogadj\u00e1tok szeretettel \u0150ket, \u00e9s ossz\u00e1tok meg szorgalmasan az inf\u00f3kat, hogy min\u00e9l t\u00f6bben eljuthassanak a ki\u00e1ll\u00edt\u00e1sukra, ha fert\u0151z\u00f6ttek az\u00e9rt, ha nem akkor meg az\u00e9rt, hogy \u00a0az \u0151 agyukba is bek\u00f6lt\u00f6zhessen egy foltosh\u00e1t\u00fa kisbog\u00e1r.....\r\n\r\n&nbsp;\r\n\r\nModern patchwork - a kezdetekt\u0151l Oklahom\u00e1ig\r\n\r\n&nbsp;\r\n<p style=\"text-align: center\">Tal\u00e1l\u00f3s k\u00e9rd\u00e9s: \u00a0mit csin\u00e1l egy mai modern \u00a0l\u00e1ny havonta egyszer est\u00e9nk\u00e9nt New Yorkban, Los Angelesben, vagy ak\u00e1r Oklahoma Cityben? \u00a0 Term\u00e9szetesen siet a helyi modern patchwork c\u00e9h foglalkoz\u00e1s\u00e1ra<\/p>\r\n<p style=\"text-align: center\">Az ezredfordul\u00f3 bek\u00f6sz\u00f6nt\u00e9vel nekil\u00f3dult az \u00faj k\u00e9zm\u0171ves mozgalom az USA-ban \u00e9s vil\u00e1gszerte. A r\u00e9gi hagyom\u00e1nyokat \u00faj \u00e9s m\u00e9g \u00fajabb \u00e9rtelmez\u00e9sben kezdt\u00e9k el munk\u00e1jukban alkalmazni a profi \u00e9s hobbi varr\u00f3n\u0151k, foltosok t\u00f6megei. Egy\u00fattal olyanok is t\u0171t, ill. varr\u00f3g\u00e9pet ragadtak, akik kor\u00e1bban nem gondolt\u00e1k volna magukr\u00f3l, hogy a bulik helyett a sarki patchwork foglalkoz\u00e1son t\u00f6ltik bar\u00e1tn\u0151ikkel az est\u00e9t.<\/p>\r\n<p style=\"text-align: center\">M\u00e1ra m\u00e1r j\u00f3l k\u00f6rvonalaz\u00f3dott mit is tekint\u00fcnk modern patchwork-nek, \u00e9s honnan eredeztethet\u0151ek gy\u00f6kerei.<\/p>\r\n<p style=\"text-align: center\">Az egyik sarkalatos d\u00e1tum 1998, amikor is Denyse Schmidt textiltervez\u0151 quilt-jeit bemutatt\u00e1k az akkori els\u0151 sz\u00e1m\u00fa h\u00e1ztart\u00e1si show m\u0171sorban (Martha Stewart Living), \u00a0majd a hasonl\u00f3 nev\u0171 foly\u00f3irat is fot\u00f3kkal b\u0151ven megt\u0171zdelt cikkben foglalkozott vele.<\/p>\r\n<p style=\"text-align: center\"><a href=\"https:\/\/tvzs.cafeblog.hu\/files\/2014\/10\/k\u00e9p.jpg\"><img class=\"alignnone size-medium wp-image-3485\" src=\"https:\/\/tvzs.cafeblog.hu\/files\/2014\/10\/k\u00e9p-244x300.jpg\" alt=\"k\u00e9p\" width=\"244\" height=\"300\" \/><\/a><a href=\"https:\/\/tvzs.cafeblog.hu\/files\/2014\/10\/k\u00e9p1.jpg\"><img class=\"alignnone size-medium wp-image-3486\" src=\"https:\/\/tvzs.cafeblog.hu\/files\/2014\/10\/k\u00e9p1-260x300.jpg\" alt=\"k\u00e9p1\" width=\"260\" height=\"300\" \/><\/a><\/p>\r\n<p style=\"text-align: center\"><a title=\" http:\/\/dsquilts.com\" href=\"\/\/dsquilts.com\"><strong><strong>\u00a0http:\/\/dsquilts.com<\/strong><\/strong><\/a><\/p>\r\n<p style=\"text-align: center\">A m\u00e1sik, szint\u00e9n nagy \u00a0horderej\u0171 esem\u00e9ny, a Gee's Bend, alabamai \u00a0alkot\u00f3k\u00f6z\u00f6ss\u00e9get bemutat\u00f3 ki\u00e1ll\u00edt\u00e1s volt, a Houstoni Sz\u00e9pm\u0171v\u00e9szeti M\u00fazeumban 2002-ben.<\/p>\r\n<p style=\"text-align: center\"><a href=\"https:\/\/tvzs.cafeblog.hu\/files\/2014\/10\/k\u00e9p2.jpg\"><img class=\"alignnone size-full wp-image-3487\" src=\"https:\/\/tvzs.cafeblog.hu\/files\/2014\/10\/k\u00e9p2.jpg\" alt=\"k\u00e9p2\" width=\"226\" height=\"244\" \/><\/a><\/p>\r\n<p style=\"text-align: center\"><a href=\"https:\/\/tvzs.cafeblog.hu\/files\/2014\/10\/k\u00e9p3.jpg\"><img class=\"alignnone size-medium wp-image-3488\" src=\"https:\/\/tvzs.cafeblog.hu\/files\/2014\/10\/k\u00e9p3-300x203.jpg\" alt=\"k\u00e9p3\" width=\"300\" height=\"203\" \/><\/a><\/p>\r\n<p style=\"text-align: center\"><a title=\"http:\/\/en.m.wikipedia.org\/wiki\/The_Quilts_of_Gee's_Bend\" href=\"http:\/\/en.m.wikipedia.org\/wiki\/The_Quilts_of_Gee's_Bend\">http:\/\/en.m.wikipedia.org\/wiki\/The_Quilts_of_Gee's_Bend<\/a><\/p>\r\n<p style=\"text-align: center\">Ritkas\u00e1g, hogy a m\u0171v\u00e9szetekben j\u00e1rtas szakembereket, amat\u0151r \u00e9s profi patchwork-\u00f6s\u00f6ket, \u00e1ltal\u00e1ban a nagyk\u00f6z\u00f6ns\u00e9get ennyire egys\u00e9gesen mag\u00e1val ragadjon egy ki\u00e1ll\u00edt\u00e1s!<\/p>\r\n<p style=\"text-align: center\">Gee's Bend elszigetelten \u00e9l\u00f4 fekete mam\u00f3k\u00e1inak siker\u00fclt korszakalkot\u00f3t teremteni, pedig \u0151k csak a rendelkez\u00e9s\u00fckre \u00e1ll\u00f3 sz\u0171k\u00f6s anyagmarad\u00e9k \u00e9s haszn\u00e1ltruha k\u00e9szletekb\u0151l varrogattak - nagyr\u00e9szt k\u00e9zzel - modern remekm\u0171veket.<\/p>\r\n<p style=\"text-align: center\">Nem lehet a modern patchwork m\u0171v\u00e9szetr\u0151l \u00fagy besz\u00e9lni, hogy ne eml\u00edten\u00e9nk meg Yoshiko Jinzenji nev\u00e9t.<\/p>\r\n<p style=\"text-align: center\"><a href=\"https:\/\/tvzs.cafeblog.hu\/files\/2014\/10\/k\u00e9p4.jpg\"><img class=\"alignnone size-full wp-image-3489\" src=\"https:\/\/tvzs.cafeblog.hu\/files\/2014\/10\/k\u00e9p4.jpg\" alt=\"k\u00e9p4\" width=\"96\" height=\"110\" \/><\/a><\/p>\r\n<p style=\"text-align: center\">A modern eszt\u00e9tika ikertestv\u00e9rek\u00e9nt emlegetett t\u00e1vol-keleti textil \u00e9s lak\u00e1sm\u0171v\u00e9szetet a 2002-ben angolul megjelent \"Quilt Artistry- Inspired Designs from the East\" (Patchwork m\u0171v\u00e9szet \u2013 T\u00e1vol-keleti ihlet\u00e9s\u0171 alkot\u00e1sok) c. k\u00f6nyv\u00e9b\u0151l ismert\u00e9k meg az \u00faj st\u00edlusir\u00e1nyzatokra fog\u00e9kony amerikai patchwork-\u00f6s\u00f6k.<\/p>\r\n<p style=\"text-align: center\"><a href=\"https:\/\/tvzs.cafeblog.hu\/files\/2014\/10\/k\u00e9p5.jpg\"><img class=\"alignnone size-medium wp-image-3490\" src=\"https:\/\/tvzs.cafeblog.hu\/files\/2014\/10\/k\u00e9p5-300x206.jpg\" alt=\"k\u00e9p5\" width=\"300\" height=\"206\" \/><\/a><\/p>\r\n<p style=\"text-align: center\"><a title=\"http:\/\/www.yoshikoquilt.com\/english.html\" href=\"http:\/\/www.yoshikoquilt.com\/english.html\">http:\/\/www.yoshikoquilt.com\/english.html<\/a><\/p>\r\nIgaz\u00e1b\u00f3l azonban nem terjedt volna pr\u00e9rit\u0171z sebess\u00e9ggel ez az \u00faj eszt\u00e9tikai felfog\u00e1s, ha nem esett volna egybe a k\u00f6z\u00f6ss\u00e9gi m\u00e9dia robban\u00e1sszer\u0171 terjed\u00e9s\u00e9vel.\r\n\r\nAz \u00e9vezred els\u0151 \u00f6t-hat \u00e9v\u00e9ben egym\u00e1s ut\u00e1n j\u00f6ttek l\u00e9tre azok az internetes \u00a0port\u00e1lok, ahol egym\u00e1ssal \u00e9s a nagyvil\u00e1ggal meg lehetett osztani varr\u00f3tudom\u00e1nyunk minden \u00fajabb f\u00e1zis\u00e1t.\r\n<p style=\"text-align: center\">A modern patchwork-\u00f6s mozgalom igaz\u00e1b\u00f3l akkor kapcsolt szuperszonikus sebess\u00e9gre amikor 2008-ban l\u00e9trehozt\u00e1k a \"Fresh Modern Quilts\" (Friss Modern Quiltek) csoportot a Flickr-en, \u00e9s megindult a patchwork-\u00f6s blogol\u00e1s lavin\u00e1ja. Mi sem bizony\u00edtja jobban, hogy t\u00e9nyleg lavin\u00e1r\u00f3l van sz\u00f3, mint az a mintegy 60 ezer (!!!) fot\u00f3, \u00e9s jelenleg kb. hatezer bejegyzett felhaszn\u00e1l\u00f3, aki ezen az egy Flickr csoport oldalon teszi ki m\u0171veinek fot\u00f3it.<\/p>\r\n<p style=\"text-align: center\"><a href=\"https:\/\/tvzs.cafeblog.hu\/files\/2014\/10\/k\u00e9p6.jpg\"><img class=\"alignnone size-full wp-image-3491\" src=\"https:\/\/tvzs.cafeblog.hu\/files\/2014\/10\/k\u00e9p6.jpg\" alt=\"k\u00e9p6\" width=\"194\" height=\"195\" \/><\/a><\/p>\r\n<p style=\"text-align: center\"><a href=\"http:\/\/%20https:\/\/www.flickr.com\/groups\/freshmodernquilts\/\"><strong><strong>\u00a0https:\/\/www.flickr.com\/groups\/freshmodernquilts\/<\/strong><\/strong><\/a><\/p>\r\nSok\u00e1ig nem maradhatott ez az \u00faj foltos mozgalom egy igazi z\u00e1szl\u00f3shaj\u00f3 n\u00e9lk\u00fcl. Egyre ink\u00e1bb nyilv\u00e1nval\u00f3v\u00e1 v\u00e1lt az ig\u00e9ny, hogy a virtu\u00e1lis tal\u00e1lkoz\u00f3kon t\u00fal, szem\u00e9lyesen is tal\u00e1lkozzanak a modern patchwork-\u00f6s\u00f6k.\r\n<p style=\"text-align: center\">Szerett\u00e9k volna k\u00fcl\u00f6n ki\u00e1ll\u00edt\u00e1sokon is megmutatni munk\u00e1ikat, hallatni hangjukat - ez viszont egy \u00f6n\u00e1ll\u00f3 szervezet n\u00e9lk\u00fcl nem lehets\u00e9ges. A Los Angeles-i blogol\u00f3 foltosok 2009. okt\u00f3ber\u00e9ben l\u00e9trehozt\u00e1k a Modern Quilt Guild ( Modern Patchwork C\u00e9h) anyaszervezetet, melynek jelenleg t\u00f6bb mint sz\u00e1z helyi c\u00e9hje m\u0171k\u00f6dik jelenleg a vil\u00e1gban minden\u00fctt.<\/p>\r\n<p style=\"text-align: center\"><a href=\"http:\/\/www.themodernquiltguild.com\">http:\/\/www.themodernquiltguild.com<\/a><\/p>\r\n<p style=\"text-align: center\"><a href=\"https:\/\/tvzs.cafeblog.hu\/files\/2014\/10\/k\u00e9p7.jpg\"><img class=\"alignnone size-full wp-image-3492\" src=\"https:\/\/tvzs.cafeblog.hu\/files\/2014\/10\/k\u00e9p7.jpg\" alt=\"k\u00e9p7\" width=\"134\" height=\"90\" \/><\/a><\/p>\r\n<p style=\"text-align: center\">\u00a0Oklahomai szervezet\u00fcnk 2011-ben csatlakozott \u00a0a Los Angeles-i c\u00e9hhez. Akkoriban alig \u00a0voltunk t\u00f6bb mint egy kisebb bar\u00e1ti t\u00e1rsas\u00e1g.<\/p>\r\n<p style=\"text-align: center\">M\u00e1r kor\u00e1bban ismert\u00fck egym\u00e1st a netr\u0151l, de a val\u00f3 vil\u00e1gban sokkal jobban\u00a0lehet a k\u00f6z\u00f6s varr\u00e1sok alkalm\u00e1val besz\u00e9lgetni, technik\u00e1kat tanulni, elk\u00e9sz\u00fclt \"remekm\u0171veket\" mutogatni, egym\u00e1s sikereinek \u00f6r\u00fclni, \u00e9s a bosszant\u00f3 neh\u00e9zs\u00e9geken k\u00f6z\u00f6sen tanakodni.<\/p>\r\n<p style=\"text-align: center\"><a href=\"https:\/\/tvzs.cafeblog.hu\/files\/2014\/10\/k\u00e9p8.jpg\"><img class=\"alignnone size-medium wp-image-3493\" src=\"https:\/\/tvzs.cafeblog.hu\/files\/2014\/10\/k\u00e9p8-300x66.jpg\" alt=\"k\u00e9p8\" width=\"300\" height=\"66\" \/><\/a><\/p>\r\n<p style=\"text-align: center\">M\u00e1ra 70 tagunk van, nagyon k\u00fcl\u00f6nb\u00f6z\u0151 technikai szinten varrnak, sokan nemr\u00e9gen kezdt\u00e9k el a foltvarr\u00e1st.<\/p>\r\n<p style=\"text-align: center\">Ennek ellen\u00e9re nem a tud\u00e1sszint hat\u00e1rozza meg c\u00e9h\u00fcnk t\u00f6rekv\u00e9seit, hanem az, hogy a modern eszt\u00e9tika\u00a0szellem\u00e9ben \u00a0k\u00e9sz\u00edts\u00fcnk a mindennapokban haszn\u00e1lhat\u00f3, sz\u00edneikkel a modern lak\u00e1skult\u00far\u00e1hoz illeszked\u0151 patchwork-\u00f6ket.<\/p>\r\n<p style=\"text-align: center\"><a href=\"https:\/\/tvzs.cafeblog.hu\/files\/2014\/10\/k\u00e9p9.jpg\"><img class=\"alignnone size-medium wp-image-3494\" src=\"https:\/\/tvzs.cafeblog.hu\/files\/2014\/10\/k\u00e9p9-249x300.jpg\" alt=\"k\u00e9p9\" width=\"249\" height=\"300\" \/><\/a><\/p>\r\n<p style=\"text-align: center\"><a href=\"https:\/\/tvzs.cafeblog.hu\/files\/2014\/10\/k\u00e9p91.jpg\"><img class=\"alignnone size-medium wp-image-3495\" src=\"https:\/\/tvzs.cafeblog.hu\/files\/2014\/10\/k\u00e9p91-300x198.jpg\" alt=\"k\u00e9p91\" width=\"300\" height=\"198\" \/><\/a><\/p>\r\n<p style=\"text-align: center\"><a href=\"http:\/\/www.okcmqg.com\/\">http:\/\/www.okcmqg.com\/<\/a><\/p>\r\n<p style=\"text-align: center\">A cikk szerz\u0151je \u00e9s a ki\u00e1ll\u00edt\u00e1s meg\u00e1lmod\u00f3ja: St\u00e1dler \u00c1gi, Oklahoma City-b\u0151l<\/p>\r\n&nbsp;\r\n\r\n&nbsp;\r\n\r\n&nbsp;","type":"rich","thumbnail_url":"https:\/\/tvzs.cafeblog.hu\/files\/2014\/10\/k\u00e9p92-150x150.jpg","thumbnail_width":150,"thumbnail_height":150}