{"version":"1.0","provider_name":"T\u0171var\u00e1zslat","provider_url":"https:\/\/tvzs.cafeblog.hu","author_name":"Te\u00e9si-Vass Zsuzsanna","author_url":"https:\/\/tvzs.cafeblog.hu\/author\/teesi-vass_zsuzsanna\/","title":"Kos\u00e1r blokk","html":"<p style=\"text-align: center\">Azt hittem, t\u00fal sok volt egyszerre a blokk h\u00e1t\u00e1n blokk.... Gondoltam csicsergek m\u00e1sr\u00f3l is, azt\u00e1n senki nem reklam\u00e1lt a leck\u00e9k elmarad\u00e1sa miatt.... Akkor most v\u00e9ge a ny\u00e1ri sz\u00fcnetnek :)<\/p>\r\n<p style=\"text-align: center\">Ma egy nagy klasszikus alap mint\u00e1j\u00e1t varrjuk, lehet f\u00fcllel, an\u00e9lk\u00fcl,vir\u00e1ggal, gy\u00fcm\u00f6lccsel d\u00edsz\u00edtve, ki hogyan\u00a0szeretn\u00e9...<\/p>\r\n<p style=\"text-align: center\"><a href=\"https:\/\/tvzs.cafeblog.hu\/files\/2014\/08\/blog18.jpg\"><img class=\"alignnone size-medium wp-image-1942\" src=\"https:\/\/tvzs.cafeblog.hu\/files\/2014\/08\/blog18-297x300.jpg\" alt=\"blog\" width=\"297\" height=\"300\" \/><\/a><\/p>\r\n<p style=\"text-align: center\">A hozz\u00e1val\u00f3k, a blokk v\u00e9gs\u0151 m\u00e9rete 15 x 15 cm, a varr\u00e1s sz\u00e9less\u00e9g 5 mm.<\/p>\r\n<p style=\"text-align: center\"><a href=\"https:\/\/tvzs.cafeblog.hu\/files\/2014\/08\/blog19.jpg\"><img class=\"alignnone size-medium wp-image-1943\" src=\"https:\/\/tvzs.cafeblog.hu\/files\/2014\/08\/blog19-300x284.jpg\" alt=\"blog1\" width=\"300\" height=\"284\" \/><\/a>\u00a0<a href=\"https:\/\/tvzs.cafeblog.hu\/files\/2014\/08\/blog26.jpg\"><img class=\"alignnone size-medium wp-image-1944\" src=\"https:\/\/tvzs.cafeblog.hu\/files\/2014\/08\/blog26-296x300.jpg\" alt=\"blog2\" width=\"296\" height=\"300\" \/><\/a><\/p>\r\n<p style=\"text-align: center\">Legy\u00e1rtjuk a felezett n\u00e9gyzeteket, a szokott m\u00f3don, \u00e1tl\u00f3 jel\u00f6l\u00e9s mindk\u00e9t oldal\u00e1n varrva, jel\u00f6l\u00e9s ment\u00e9n v\u00e1gva. A nagyobbik n\u00e9gyzetn\u00e9l, csak egyszer varrunk, azt\u00e1n \u00e1tl\u00f3 ment\u00e9n v\u00e1gunk, \u00edgy a k\u00f6z\u00e9ps\u0151 felezett n\u00e9gyzet is elk\u00e9sz\u00fclt.<\/p>\r\n<p style=\"text-align: center\">A 6 x 6-os egysz\u00edn\u0171 n\u00e9gyzetek \u00e9s a 9,5 x 9,5-\u00f6s mint\u00e1s \u00e9s egysz\u00edn\u0171 n\u00e9gyzetek megmunk\u00e1l\u00e1sa ut\u00e1n vasal\u00e1s, igaz\u00edt\u00e1s k\u00f6vetkezik.<\/p>\r\n<p style=\"text-align: center\"><a href=\"https:\/\/tvzs.cafeblog.hu\/files\/2014\/08\/blog35.jpg\"><img class=\"alignnone size-medium wp-image-1945\" src=\"https:\/\/tvzs.cafeblog.hu\/files\/2014\/08\/blog35-300x272.jpg\" alt=\"blog3\" width=\"300\" height=\"272\" \/><\/a><\/p>\r\n<p style=\"text-align: center\">Az\u00e9rt, hogy ki lehessen rakni a mozaikot, a mint\u00e1s 6 x 6-ost, \u00e9s az egysz\u00edn\u0171 9,5 x 9,5-\u00f6st \u00e1tl\u00f3 ment\u00e9n kett\u00e9v\u00e1gjuk.<\/p>\r\n<p style=\"text-align: center\">A k\u00e9pen a tov\u00e1bbi munkamenet is j\u00f3l l\u00e1tszik.<\/p>\r\n<p style=\"text-align: center\"><a href=\"https:\/\/tvzs.cafeblog.hu\/files\/2014\/08\/blog35.jpg\"><img class=\"alignnone size-medium wp-image-1945\" src=\"https:\/\/tvzs.cafeblog.hu\/files\/2014\/08\/blog35-300x272.jpg\" alt=\"blog3\" width=\"300\" height=\"272\" \/><\/a>\u00a0<a href=\"https:\/\/tvzs.cafeblog.hu\/files\/2014\/08\/blog45.jpg\"><img class=\"alignnone size-medium wp-image-1946\" src=\"https:\/\/tvzs.cafeblog.hu\/files\/2014\/08\/blog45-287x300.jpg\" alt=\"blog4\" width=\"287\" height=\"300\" \/><\/a><\/p>\r\n<p style=\"text-align: center\"><a href=\"https:\/\/tvzs.cafeblog.hu\/files\/2014\/08\/blog55.jpg\"><img class=\"alignnone size-medium wp-image-1947\" src=\"https:\/\/tvzs.cafeblog.hu\/files\/2014\/08\/blog55-300x287.jpg\" alt=\"blog5\" width=\"300\" height=\"287\" \/><\/a>\u00a0<a href=\"https:\/\/tvzs.cafeblog.hu\/files\/2014\/08\/blog65.jpg\"><img class=\"alignnone size-medium wp-image-1948\" src=\"https:\/\/tvzs.cafeblog.hu\/files\/2014\/08\/blog65-300x256.jpg\" alt=\"blog6\" width=\"300\" height=\"256\" \/><\/a><\/p>\r\n<p style=\"text-align: center\">Amikor id\u00e1ig el\u00e9r\u00fcnk, az utols\u00f3 igaz\u00edt\u00e1st is megejtj\u00fck, csak azut\u00e1n varrjuk fel a sarokelemet.<\/p>\r\n<p style=\"text-align: center\"><a href=\"https:\/\/tvzs.cafeblog.hu\/files\/2014\/08\/blog85.jpg\"><img class=\"alignnone size-medium wp-image-1950\" src=\"https:\/\/tvzs.cafeblog.hu\/files\/2014\/08\/blog85-298x300.jpg\" alt=\"blog8\" width=\"298\" height=\"300\" \/><\/a><\/p>\r\n<p style=\"text-align: center\"><a href=\"https:\/\/tvzs.cafeblog.hu\/files\/2014\/08\/blog75.jpg\"><img class=\"alignnone size-medium wp-image-1949\" src=\"https:\/\/tvzs.cafeblog.hu\/files\/2014\/08\/blog75-300x300.jpg\" alt=\"blog7\" width=\"300\" height=\"300\" \/><\/a>\u00a0<a href=\"https:\/\/tvzs.cafeblog.hu\/files\/2014\/08\/blog917.jpg\"><img class=\"alignnone size-medium wp-image-1951\" src=\"https:\/\/tvzs.cafeblog.hu\/files\/2014\/08\/blog917-300x296.jpg\" alt=\"blog9\" width=\"300\" height=\"296\" \/><\/a><\/p>\r\n<p style=\"text-align: center\">M\u00e1r nem \u00e9n vagyok a b\u0171n\u00f6s, vagyis\u00a0Rajtatok m\u00falik... :)<\/p>\r\n<p style=\"text-align: center\">Amennyiben megtetszett \u00e9s t\u00f6bbet is varrni fogsz ebb\u0151l a blokkb\u00f3l, \u00edgy fog kin\u00e9zni, ahogy Imola megszerkesztette :)<\/p>\r\n<p style=\"text-align: center\"><a href=\"https:\/\/tvzs.cafeblog.hu\/files\/2014\/08\/imola1.jpg\"><img class=\"alignnone size-medium wp-image-1953\" src=\"https:\/\/tvzs.cafeblog.hu\/files\/2014\/08\/imola1-300x198.jpg\" alt=\"imola\" width=\"300\" height=\"198\" \/><\/a><\/p>","type":"rich","thumbnail_url":"https:\/\/tvzs.cafeblog.hu\/files\/2014\/08\/blog917-150x150.jpg","thumbnail_width":150,"thumbnail_height":150}