{"version":"1.0","provider_name":"T\u0171var\u00e1zslat","provider_url":"https:\/\/tvzs.cafeblog.hu","author_name":"Te\u00e9si-Vass Zsuzsanna","author_url":"https:\/\/tvzs.cafeblog.hu\/author\/teesi-vass_zsuzsanna\/","title":"Rep\u00fcl\u0151 vadlib\u00e1k","html":"<p style=\"text-align: center\">Ezt a blokkot is nagyon szeretem, \u00e9s ezt is a Csokifoltosokt\u00f3l tanultam. Nagyon k\u00f6nny\u0171 dolgom volt vele, mert aki megveszi a sablont nem csak a r\u00e9szletes le\u00edr\u00e1st kapja meg, hanem egy szab\u00e1si t\u00e1bl\u00e1zatot is\u00a0k\u00fcldenek hozz\u00e1.<\/p>\r\n<p style=\"text-align: center\"><a href=\"https:\/\/tvzs.cafeblog.hu\/files\/2014\/05\/lib\u00e1s3.jpg\"><img class=\"alignnone size-medium wp-image-439\" src=\"https:\/\/tvzs.cafeblog.hu\/files\/2014\/05\/lib\u00e1s3-300x225.jpg\" alt=\"lib\u00e1s3\" width=\"300\" height=\"225\" \/><\/a><\/p>\r\n<p style=\"text-align: center\">Nincs is m\u00e1s tennival\u00f3, csak kiv\u00e1lasztani az anyagokat, kiszabni a n\u00e9gyzeteket \u00e9s bevasalni az \u00e1tl\u00f3kat. Aki nem szereti a vasal\u00f3t, az vegyen er\u0151t mag\u00e1n \u00e9s pr\u00f3b\u00e1lja ki, r\u00e1 fog szokni az biztos!\u00a0Igen, lehet ceruz\u00e1val is jel\u00f6lni, de ez a m\u00f3dszer az\u00e9rt j\u00f3, mert a bevasalt \u00e9lek ha egym\u00e1sba simulnak, meg is tartj\u00e1k az alkatr\u00e9szeket a hely\u00fck\u00f6n, \u00e9s \u00edgy m\u00e9g egyszer\u0171bb a munka.<\/p>\r\n<p style=\"text-align: center\">A nagyobb n\u00e9gyzet m\u00e9rete 1 db 16,5 \u00a0x 16,5 \u00a0 \u00a0-\u00a0ez a sz\u00edn ker\u00fcl majd k\u00f6z\u00e9pre<\/p>\r\n<p style=\"text-align: center\">A kisebb n\u00e9gyzet m\u00e9rete 2 db 9 x9 \u00a0 \u00a0 \u00a0 \u00a0 \u00a0- ez lesz az alapsz\u00edn<\/p>\r\n<p style=\"text-align: center\">A blokk k\u00e9sz m\u00e9rete:\u00a015 x 15 cm<\/p>\r\n<p style=\"text-align: center\">Varr\u00e1s sz\u00e9less\u00e9g: 5 mm<\/p>\r\n<p style=\"text-align: center\"><a href=\"https:\/\/tvzs.cafeblog.hu\/files\/2014\/05\/lib\u00e1s1.jpg\"><img class=\"alignnone size-medium wp-image-437\" src=\"https:\/\/tvzs.cafeblog.hu\/files\/2014\/05\/lib\u00e1s1-300x250.jpg\" alt=\"lib\u00e1s1\" width=\"300\" height=\"250\" \/><\/a><\/p>\r\n<p style=\"text-align: center\">Az \u00e9l mindk\u00e9t oldal\u00e1n, a le\u00edr\u00e1sban megadott varr\u00e1ssz\u00e9less\u00e9ggel varrunk. C\u00e9lszer\u0171 el\u0151re \u00f6sszek\u00e9sz\u00edteni t\u00f6bb darabot, hogy l\u00e1ncban dolgozhassunk, mert \u00fagy j\u00f3val gyorsabban lehet haladni.<\/p>\r\n<p style=\"text-align: center\"><a href=\"https:\/\/tvzs.cafeblog.hu\/files\/2014\/05\/lib\u00e1s4.jpg\"><img class=\"alignnone size-medium wp-image-440\" src=\"https:\/\/tvzs.cafeblog.hu\/files\/2014\/05\/lib\u00e1s4-300x207.jpg\" alt=\"lib\u00e1s4\" width=\"300\" height=\"207\" \/><\/a><\/p>\r\n<p style=\"text-align: center\">Amikor a jel\u00f6l\u00e9s\u00a0ment\u00e9n f\u00e9lbev\u00e1gjuk, a k\u00e9t kisebb sz\u00e1rnyat elvasaljuk, majd az \u00edgy kapott form\u00e1t\u00a0vasal\u00e1ssal \u00fajra felezz\u00fck. Erre a helyre j\u00f6n az \u00fajabb cs\u00facs\u00e1ra \u00e1ll\u00edtott n\u00e9gyzet, \u00e1tl\u00f3ja mindk\u00e9t oldal\u00e1n varrva.<\/p>\r\n<p style=\"text-align: center\"><a href=\"https:\/\/tvzs.cafeblog.hu\/files\/2014\/05\/lib\u00e1s6.jpg\"><img class=\"alignnone size-medium wp-image-442\" src=\"https:\/\/tvzs.cafeblog.hu\/files\/2014\/05\/lib\u00e1s6-300x225.jpg\" alt=\"lib\u00e1s6\" width=\"300\" height=\"225\" \/><\/a><\/p>\r\n<p style=\"text-align: center\">Varr\u00e1s ut\u00e1n megint v\u00e1gunk \u00e9s vasalunk. V\u00e9gig \u00e9rdemes szalagban dolgozni, nem egyenk\u00e9nt v\u00e1ltogatni a munkafolyamatokat.<\/p>\r\n<p style=\"text-align: center\"><a href=\"https:\/\/tvzs.cafeblog.hu\/files\/2014\/05\/lib\u00e1s2.jpg\"><img class=\"alignnone size-medium wp-image-438\" src=\"https:\/\/tvzs.cafeblog.hu\/files\/2014\/05\/lib\u00e1s2-259x300.jpg\" alt=\"lib\u00e1s2\" width=\"259\" height=\"300\" \/><\/a><\/p>\r\n<p style=\"text-align: left\">Amikor m\u00e1r elegend\u0151 lib\u00e1nk gy\u0171lik \u00f6ssze, ak\u00e1r sorba is \u00e1ll\u00edthatjuk \u0151ket :)<\/p>\r\n<p style=\"text-align: center\"><a href=\"https:\/\/tvzs.cafeblog.hu\/files\/2014\/05\/lib\u00e1s5.jpg\"><img class=\"alignnone size-medium wp-image-441\" src=\"https:\/\/tvzs.cafeblog.hu\/files\/2014\/05\/lib\u00e1s5-300x183.jpg\" alt=\"lib\u00e1s5\" width=\"300\" height=\"183\" \/><\/a><\/p>","type":"rich","thumbnail_url":"https:\/\/tvzs.cafeblog.hu\/files\/2014\/05\/lib\u00e1s5-150x150.jpg","thumbnail_width":150,"thumbnail_height":150}