{"version":"1.0","provider_name":"T\u0171var\u00e1zslat","provider_url":"https:\/\/tvzs.cafeblog.hu","author_name":"Te\u00e9si-Vass Zsuzsanna","author_url":"https:\/\/tvzs.cafeblog.hu\/author\/teesi-vass_zsuzsanna\/","title":"A nagy tarack harc...","html":"Az igaz, hogy ez alapj\u00e1ban v\u00e9ve varr\u00f3s blog, de n\u00e9ha m\u00e1st is kell csin\u00e1lni, nehogy az ember teljesen kit\u00f6ltse a varr\u00f3szob\u00e1j\u00e1t. Szerintem mindenki , aki \u00f3r\u00e1kon \u00e1t \u00fcl\u0151munk\u00e1t v\u00e9gez, pontosan tudja mire gondolok. Ne is firtassuk tov\u00e1bb, senki nem szeret a kil\u00f3ir\u00f3l besz\u00e9lni....\r\n<p style=\"text-align: right\">Ilyenkor tavasszal, amikor elkezd p\u00e1r\u00e1llani a f\u00f6ld reggelente, bek\u00faszik a nyitott ablakon az illata \u00e9s kifel\u00e9 h\u00edvogat. Van sz\u00e9p nagy kert, benne sok gy\u00fcm\u00f6lcsfa, meg \"h\u00fa de sz\u00e9p \u00e1rny\u00e9knak pont j\u00f3 lesz fa \" is van p\u00e1r. Na meg van egy csaknem varr\u00f3 szob\u00e1mnyi kis konyhakert is, amiben \u00e9n gar\u00e1zd\u00e1lkodom. Ha most az a k\u00e9rd\u00e9s sz\u00fcletett meg a fejetekben, hogy ehhez is \u00e9rtek -e, megnyugodhattok, nemigen.<\/p>\r\n<p style=\"text-align: right\">.<a href=\"https:\/\/tvzs.cafeblog.hu\/files\/2014\/05\/gazos2.jpg\"><img class=\"alignnone size-medium wp-image-218\" alt=\"gazos2\" src=\"https:\/\/tvzs.cafeblog.hu\/files\/2014\/05\/gazos2-300x225.jpg\" width=\"300\" height=\"225\" \/><\/a><\/p>\r\nL\u00e1ttam gyerekkoromban, hogy csin\u00e1lj\u00e1k a nagyok, meg szeretem is csin\u00e1lni, n\u00e9ha ut\u00e1na is olvasok, de m\u00e9g mindig el\u0151fordul, hogy gondoskod\u00f3 figyelemmel \u00f3vom a l\u00e1tv\u00e1nyosan n\u00f6vekv\u0151 gyomn\u00f6v\u00e9nyt, az \u0151t elnyomni k\u00e9sz\u00fcl\u0151 \u00a0\u00e1ltalam el\u00fcltetett, jobb sorsra \u00e9rdemes konyhan\u00f6v\u00e9nyt\u0151l. :D \u00a0 J\u00f3 h\u00e1t nem vagyunk mindegyikkel \u00f6sszeismerkedve....\r\n\r\nAhhoz, hogy \u00e9n ott azon a pici ter\u00fcleten uralkodhassak, minden \u00e9vben meg kell v\u00edvnom a magam harc\u00e1t a tarackkal.\r\n\r\nNagy ellenf\u00e9l , nem adja fel, de \u00e9n sem. \u00a0\u00c1s\u00e1s k\u00f6zben\u00a0sz\u00e9p szisztematikusan \u00a0az \u00f6sszes felbukkan\u00f3 gy\u00f6keret kiszedegetem a f\u00f6ld al\u00f3l, talicsk\u00e1nyi halmokat gy\u0171jtve \u00f6ssze. Tudj\u00e1tok , hogy ez az \u00e1d\u00e1z tr\u00f3nbitorl\u00f3 minden egyes darabj\u00e1b\u00f3l \u00fajra k\u00e9pes fejl\u0151dni?\r\n\r\nNagy t\u00fal\u00e9l\u0151, az biztos, sokszor el is gondolkodom, lehet hogy az\u00e9rt ilyen, mert val\u00f3j\u00e1ban haszonn\u00f6v\u00e9ny, csak mi nem tudjuk haszn\u00e1lni...\r\n\r\nSz\u00f3val ma is kivonultam a varrod\u00e1mb\u00f3l a gazold\u00e1mba \u00e9s ott \u00fcgyk\u00f6dtem szorgosan, minek eredm\u00e9nyek\u00e9pp az\u00f3ta is t\u00fcntetnek ellenem a hangyaboly lak\u00f3i, mert sz\u00e9td\u00faltam otthonaikat. Tal\u00e1n az \u00e1s\u00f3val k\u00e9nyszer szapor\u00edtott giliszt\u00e1im \u00a0\u00e1ldj\u00e1k \u00a0nevem, legal\u00e1bbis rem\u00e9lem. Nagy kutakod\u00e1som k\u00f6zben az is kider\u00fclt, hogy cserebog\u00e1r l\u00e1rva az ellen\u0151rz\u00e9sem alatt tartott ter\u00fcleten nincs, ami ugye j\u00f3 h\u00edrnek sz\u00e1m\u00edt.\r\n\r\nSokan mondj\u00e1k, a \u00a0nagy testi punnyadoz\u00e1s ut\u00e1n nem szabad hirtelen sokat terhelni a fizikumot, \u00fagyhogy \u00a0\u00fagy d\u00f6nt\u00f6ttem hagyok holnapra is. \u00a0A tarack azt hiszi majd megfutamodtam, visszavonja el\u0151retolt sereg\u00e9t, azt\u00e1n j\u00f6v\u00f6k \u00e9n megint \u00e1s\u00f3val felfegyverezve.\r\n\r\nJ\u00f3.....egyenl\u0151re \u00fagy n\u00e9z ki , beg\u00f6rb\u00fclt h\u00e1tammal, furcsa j\u00e1r\u00e1sommal, csapzott hajammal, hogy \u00e9n vagyok a vert had, de ez csak a l\u00e1tszat. Ami meg, mint tudjuk, n\u00e9ha csal \u00a0 \u00a0:)\r\n\r\n<a href=\"https:\/\/tvzs.cafeblog.hu\/files\/2014\/05\/gazos3.jpg\"><img class=\"alignnone size-medium wp-image-219\" alt=\"gazos3\" src=\"https:\/\/tvzs.cafeblog.hu\/files\/2014\/05\/gazos3-300x225.jpg\" width=\"300\" height=\"225\" \/><\/a>\r\n\r\n&nbsp;","type":"rich","thumbnail_url":"https:\/\/tvzs.cafeblog.hu\/files\/2014\/05\/gazos3-150x150.jpg","thumbnail_width":150,"thumbnail_height":150}